{"id":4877,"date":"2026-09-04T13:42:52","date_gmt":"2026-09-04T13:42:52","guid":{"rendered":"https:\/\/naaskonsthantverk.se\/?page_id=4877"},"modified":"2026-09-04T13:42:52","modified_gmt":"2026-09-04T13:42:52","slug":"verksamhet-2026","status":"publish","type":"page","link":"https:\/\/naaskonsthantverk.se\/index.php\/verksamhet-2026\/","title":{"rendered":"Verksamhet 2026"},"content":{"rendered":"\n<p class=\"wp-block-paragraph\"><strong>8 april 2026:<\/strong><br>Finn dina ord:\u00a0\u00c4r du mellan 9-12 \u00e5r d\u00e5 \u00e4r det h\u00e4r n\u00e5got f\u00f6r dig; \u201dFinn dina ord\u201d\u00a0En skrivarkurs som vill locka fram ditt inre spr\u00e5k. Poetisk och lustfylld. Nu p\u00e5 onsdag den 8 april mellan klockan kan 09-12.00 i byggnaden Sl\u00f6jd&amp;Byggnadsv\u00e5rd p\u00e5 omr\u00e5det N\u00e4\u00e4s Slott. Kursen leds av f\u00f6rfattaren och poeten Pamela Jaskoviak och arrangeras av N\u00e4\u00e4s Konsthantverk, Sl\u00f6jd&amp;Byggnadsv\u00e5rd samt Lerums Kommun. Kursen \u00e4r kostnadsfri.<\/p>\n\n\n\n<p class=\"wp-block-paragraph\"><strong>Vad \u00e5r ett hus? Utst\u00e4llningar tillsammans med Byggnadsv\u00e5rd, N\u00e4\u00e4s slott:<br>30 maj 2026 Vernissage Joel Billie<\/strong><\/p>\n\n\n\n<figure class=\"wp-block-image size-large is-resized\"><img loading=\"lazy\" decoding=\"async\" width=\"923\" height=\"1024\" src=\"https:\/\/naaskonsthantverk.se\/wp-content\/uploads\/2026\/05\/IMG_1972-923x1024.jpg\" alt=\"\" class=\"wp-image-4862\" style=\"aspect-ratio:0.9013656824597543;width:191px;height:auto\" srcset=\"https:\/\/naaskonsthantverk.se\/wp-content\/uploads\/2026\/05\/IMG_1972-923x1024.jpg 923w, https:\/\/naaskonsthantverk.se\/wp-content\/uploads\/2026\/05\/IMG_1972-270x300.jpg 270w, https:\/\/naaskonsthantverk.se\/wp-content\/uploads\/2026\/05\/IMG_1972-768x852.jpg 768w, https:\/\/naaskonsthantverk.se\/wp-content\/uploads\/2026\/05\/IMG_1972-500x555.jpg 500w, https:\/\/naaskonsthantverk.se\/wp-content\/uploads\/2026\/05\/IMG_1972-800x888.jpg 800w, https:\/\/naaskonsthantverk.se\/wp-content\/uploads\/2026\/05\/IMG_1972.jpg 1169w\" sizes=\"auto, (max-width: 923px) 100vw, 923px\" \/><figcaption class=\"wp-element-caption\">Joel Billie<\/figcaption><\/figure>\n\n\n\n<p class=\"wp-block-paragraph\">\u201dEN POETISK OCH DELTAGARBASERAD DIMENSION\u201d<br>Sl\u00f6jd och Byggnadsv\u00e5rds utst\u00e4llning, \u00c4lskade hus, \u00f6ppnar upp med ny vernissage 30 maj klockan 12.00 och nu i samarbete med N\u00e4\u00e4s Konsthantverk. I ett till\u00e4gg till utst\u00e4llningen, \u00c4lskade hus, tillf\u00f6r nu N\u00e4\u00e4s Konsthantverk utst\u00e4llningen en dimension till d\u00e5 man i ett eget galleri intill och utomhus s\u00e4tter hela fokuset p\u00e5 huset som en existentiell och poetisk plats. Genom poesi, ljudkonst och texter skrivna av barn och unga vill N\u00e4\u00e4s Konsthantverk ge sin utst\u00e4llning, Vad \u00c4r Ett Hus, en f\u00f6rdjupning och \u00f6ppna upp f\u00f6r ytterligare perspektiv p\u00e5 vad ett hus kan vara.<br>Pamela Jaskoviak, poet, samt Joel Billie, ljudkonstn\u00e4r och musiker, f\u00f6r att n\u00e4mna n\u00e5gra konstn\u00e4rer, bidrar med verk som p\u00e5 olika s\u00e4tt f\u00e5r bes\u00f6karen att stanna upp och reflektera \u00f6ver hus eller platsers dolda &nbsp;ber\u00e4ttelser. Barn och ungdomar bidrar till utst\u00e4llningen med egna texter om hur de upplever hus, hem, och platser. R\u00f6ster fr\u00e5n olika generationer och kulturer m\u00f6ts nu i ett poetiskt rum eller ute i det fria kulturlandskapen d\u00e4r huset blir en b\u00e4rare av ber\u00e4ttelser, dr\u00f6mmar och erfarenheter. Mellan de b\u00e4gge utst\u00e4llningarna uppst\u00e5r ett rum f\u00f6r eftertanke \u2013 om hur vi bor, och hur v\u00e4rlden bor i oss.<br>Vernissage den 30 maj 2026<br>P\u00c5 VERNISSAGEDAGEN<br>Pamela Jaskoviak, poet, i \u00e5r prisad med G\u00f6teborgs stads litteraturstipendium framf\u00f6r egna dikter som v\u00e4ver samman det tv\u00e5 utst\u00e4llningarna, \u00c4lskade Hus och Vad \u00c4r Ett Hus, hon debuterade som poet 1995 med Svart Tulpan. Hennes bildrika dikter leker med klich\u00e9er och kan p\u00e5minnas om popmusik i sitt snabba, sensuella anslag. Sedan debuten har hon givit ut diktsamlingar, barnb\u00f6cker och romaner, d\u00e4ribland den uppm\u00e4rksammade Agadir, my love (1999). Pamela Jaskoviak \u00e4r ocks\u00e5 verksam som dramatiker och \u00f6vers\u00e4ttare och \u00e4r \u00e5terkommande k\u00e5s\u00f6r i &#8221;God morgon v\u00e4rlden!&#8221; i Sveriges Radio P1. 2022 tilldelades hon Natur &amp; Kulturs s\u00e4rskilda stipendium. 2024 bel\u00f6nades hon med Samfundet De Nios Vinterpris. &nbsp;Till h\u00f6sten \u00e4r hon aktuell med en poesi bok utgiven av Bonniers f\u00f6rlag.&nbsp;<br>Arrangemanget \u00e4ger rum med st\u00f6d fr\u00e5n VG-Regionen.<\/p>\n\n\n\n<p class=\"wp-block-paragraph\"><strong>12 september 2026 Vernissage Annika Svensson<\/strong><br>Vad \u00e4r ett hus<\/p>\n\n\n\n<div class=\"wp-block-columns is-layout-flex wp-container-core-columns-is-layout-7387b849 wp-block-columns-is-layout-flex\">\n<div class=\"wp-block-column is-layout-flow wp-block-column-is-layout-flow\">\n<figure class=\"wp-block-image size-large is-resized\"><img loading=\"lazy\" decoding=\"async\" width=\"1024\" height=\"910\" src=\"https:\/\/naaskonsthantverk.se\/wp-content\/uploads\/2026\/09\/Annika-Andersson-2026.2-1024x910.jpg\" alt=\"\" class=\"wp-image-4879\" style=\"aspect-ratio:1.1253408746591254;width:204px;height:auto\" srcset=\"https:\/\/naaskonsthantverk.se\/wp-content\/uploads\/2026\/09\/Annika-Andersson-2026.2-1024x910.jpg 1024w, https:\/\/naaskonsthantverk.se\/wp-content\/uploads\/2026\/09\/Annika-Andersson-2026.2-300x266.jpg 300w, https:\/\/naaskonsthantverk.se\/wp-content\/uploads\/2026\/09\/Annika-Andersson-2026.2-768x682.jpg 768w, https:\/\/naaskonsthantverk.se\/wp-content\/uploads\/2026\/09\/Annika-Andersson-2026.2-1536x1364.jpg 1536w, https:\/\/naaskonsthantverk.se\/wp-content\/uploads\/2026\/09\/Annika-Andersson-2026.2-2048x1819.jpg 2048w, https:\/\/naaskonsthantverk.se\/wp-content\/uploads\/2026\/09\/Annika-Andersson-2026.2-500x444.jpg 500w, https:\/\/naaskonsthantverk.se\/wp-content\/uploads\/2026\/09\/Annika-Andersson-2026.2-800x711.jpg 800w, https:\/\/naaskonsthantverk.se\/wp-content\/uploads\/2026\/09\/Annika-Andersson-2026.2-1280x1137.jpg 1280w, https:\/\/naaskonsthantverk.se\/wp-content\/uploads\/2026\/09\/Annika-Andersson-2026.2-1920x1705.jpg 1920w\" sizes=\"auto, (max-width: 1024px) 100vw, 1024px\" \/><\/figure>\n<\/div>\n\n\n\n<div class=\"wp-block-column is-layout-flow wp-block-column-is-layout-flow\">\n<figure class=\"wp-block-image size-large\"><img loading=\"lazy\" decoding=\"async\" width=\"1024\" height=\"753\" src=\"https:\/\/naaskonsthantverk.se\/wp-content\/uploads\/2026\/09\/Annika-Andersson-2026-1024x753.jpg\" alt=\"\" class=\"wp-image-4880\" srcset=\"https:\/\/naaskonsthantverk.se\/wp-content\/uploads\/2026\/09\/Annika-Andersson-2026-1024x753.jpg 1024w, https:\/\/naaskonsthantverk.se\/wp-content\/uploads\/2026\/09\/Annika-Andersson-2026-300x220.jpg 300w, https:\/\/naaskonsthantverk.se\/wp-content\/uploads\/2026\/09\/Annika-Andersson-2026-768x564.jpg 768w, https:\/\/naaskonsthantverk.se\/wp-content\/uploads\/2026\/09\/Annika-Andersson-2026-1536x1129.jpg 1536w, https:\/\/naaskonsthantverk.se\/wp-content\/uploads\/2026\/09\/Annika-Andersson-2026-500x367.jpg 500w, https:\/\/naaskonsthantverk.se\/wp-content\/uploads\/2026\/09\/Annika-Andersson-2026-800x588.jpg 800w, https:\/\/naaskonsthantverk.se\/wp-content\/uploads\/2026\/09\/Annika-Andersson-2026-1280x941.jpg 1280w, https:\/\/naaskonsthantverk.se\/wp-content\/uploads\/2026\/09\/Annika-Andersson-2026.jpg 1615w\" sizes=\"auto, (max-width: 1024px) 100vw, 1024px\" \/><\/figure>\n<\/div>\n\n\n\n<div class=\"wp-block-column is-layout-flow wp-block-column-is-layout-flow\">\n<figure class=\"wp-block-image size-large\"><img loading=\"lazy\" decoding=\"async\" width=\"1024\" height=\"1024\" src=\"https:\/\/naaskonsthantverk.se\/wp-content\/uploads\/2026\/09\/Annika-Andersson2026portratt-1024x1024.jpg\" alt=\"\" class=\"wp-image-4881\" srcset=\"https:\/\/naaskonsthantverk.se\/wp-content\/uploads\/2026\/09\/Annika-Andersson2026portratt-1024x1024.jpg 1024w, https:\/\/naaskonsthantverk.se\/wp-content\/uploads\/2026\/09\/Annika-Andersson2026portratt-300x300.jpg 300w, https:\/\/naaskonsthantverk.se\/wp-content\/uploads\/2026\/09\/Annika-Andersson2026portratt-150x150.jpg 150w, https:\/\/naaskonsthantverk.se\/wp-content\/uploads\/2026\/09\/Annika-Andersson2026portratt-768x768.jpg 768w, https:\/\/naaskonsthantverk.se\/wp-content\/uploads\/2026\/09\/Annika-Andersson2026portratt-500x500.jpg 500w, https:\/\/naaskonsthantverk.se\/wp-content\/uploads\/2026\/09\/Annika-Andersson2026portratt-800x800.jpg 800w, https:\/\/naaskonsthantverk.se\/wp-content\/uploads\/2026\/09\/Annika-Andersson2026portratt.jpg 1200w\" sizes=\"auto, (max-width: 1024px) 100vw, 1024px\" \/><\/figure>\n<\/div>\n<\/div>\n\n\n\n<p class=\"wp-block-paragraph\">\u201dEN POETISK DIMENSION\u201d<\/p>\n\n\n\n<p class=\"wp-block-paragraph\"><strong>Annika Andersson och Joel Billie<\/strong><br>V\u00e4lkommen till Vernissage l\u00f6rdag den 12 september klockan 12.00-16.00<br>N\u00e4\u00e4s Konsthantverk och Sl\u00f6jd och Byggnadsv\u00e5rd v\u00e4lkomnar till vernissage med textilkonstn\u00e4ren Annika Andersson samt musiker och komposit\u00f6ren Joel Billie p\u00e5 temat, Vad \u00c4r Ett Hus,\u00a0<\/p>\n\n\n\n<p class=\"wp-block-paragraph\">Som en pendang till Sl\u00f6jd och Byggnadsv\u00e5rds p\u00e5g\u00e5ende utst\u00e4llning, \u00c4lskade hus, tillf\u00f6r N\u00e4\u00e4s Konsthantverk nu under h\u00f6sten en serie konstutst\u00e4llningar i ett angr\u00e4nsande rum i samma byggnad. Utst\u00e4llningar som s\u00e4tter hela fokuset p\u00e5 huset som en existentiell och poetisk plats. Genom sin konst ger Annika Andersson och Joel Billie bes\u00f6karen en f\u00f6rdjupning och \u00f6ppnar upp f\u00f6r ytterligare perspektiv och syftningar p\u00e5 vad ett hus kan symbolisera. Verk som f\u00e5r oss att stanna upp och reflektera \u00f6ver platsers dolda ber\u00e4ttelser. Mellan de b\u00e4gge utst\u00e4llningarna uppst\u00e5r ett rum f\u00f6r eftertanke \u2013 om hur vi bor, och hur v\u00e4rlden bor i oss. Centralt i utst\u00e4llningen st\u00e5r ett bord, uppdukat f\u00f6r sex g\u00e4ster. P\u00e5 tallrikarna gestaltas olika aspekter av frosseri, girighet och h\u00f6gmod i relation till klotets resurser. Verket, En \u00f6desdiger m\u00e5ltid, \u00e4r skapat med inspiration fr\u00e5n litter\u00e4ra verk och forskning om klimatf\u00f6r\u00e4ndringarna. P\u00e5 v\u00e4ggarna h\u00e4nger bilder av klot i olika textila tekniker. I utst\u00e4llningen h\u00f6rs nyskapad l\u00e5gm\u00e4ld musik av Joel Billie.<\/p>\n\n\n\n<p class=\"wp-block-paragraph\"><strong>Annika Andersson<\/strong> bosatt i Tollered arbetar fr\u00e4mst i den v\u00e4vande traditionen. I v\u00e4vstolens begr\u00e4nsningar finner hon b\u00e5de trygghet och utmaningar. Annika \u00e5terkommer ofta till ett repetitivt arbetss\u00e4tt, l\u00e5ngsamheten i processen uppmanar b\u00e5de till n\u00e4rvaro och flykt. Centralt i Annikas arbetsmetod \u00e4r f\u00e4rgning av textila material b\u00e5de med naturliga och syntetiska pigment, paletten \u00e4r relativt dov med en lite smutsig karakt\u00e4r. Perfektion skaver och slumpen \u00e4r hennes assistent. Annika arbetar med uppdrag och utst\u00e4llningar b\u00e5de i Sverige och utomlands.&nbsp;<br><strong>Joel Billie<\/strong> \u00e4r bosatt i Floda och tog sin examen p\u00e5 Musikh\u00f6gskolan v\u00e5ren 2020. Joel Billie skapar klassisk musik, kammarmusik, med en egen s\u00e4rpr\u00e4glad ton och uttryck.<\/p>\n\n\n\n<p class=\"wp-block-paragraph\">xx november 2026 Vernissage\u00a0<br>6 juni 2026 Nice Rivieraklubben<br>xx november 2026 F\u00f6rfattarrecidens<\/p>\n","protected":false},"excerpt":{"rendered":"<p>8 april 2026:Finn dina ord:\u00a0\u00c4r du mellan 9-12 \u00e5r d\u00e5 \u00e4r det h\u00e4r n\u00e5got f\u00f6r dig; \u201dFinn dina ord\u201d\u00a0En skrivarkurs som vill locka fram ditt inre spr\u00e5k. Poetisk och lustfylld. Nu p\u00e5 onsdag den 8 april mellan klockan kan 09-12.00 i byggnaden Sl\u00f6jd&amp;Byggnadsv\u00e5rd p\u00e5 omr\u00e5det N\u00e4\u00e4s Slott. Kursen leds av f\u00f6rfattaren och poeten Pamela Jaskoviak [&hellip;]<\/p>\n","protected":false},"author":1,"featured_media":0,"parent":0,"menu_order":0,"comment_status":"closed","ping_status":"closed","template":"","meta":{"site-sidebar-layout":"default","site-content-layout":"","ast-site-content-layout":"default","site-content-style":"default","site-sidebar-style":"default","ast-global-header-display":"","ast-banner-title-visibility":"","ast-main-header-display":"","ast-hfb-above-header-display":"","ast-hfb-below-header-display":"","ast-hfb-mobile-header-display":"","site-post-title":"","ast-breadcrumbs-content":"","ast-featured-img":"","footer-sml-layout":"","theme-transparent-header-meta":"","adv-header-id-meta":"","stick-header-meta":"","header-above-stick-meta":"","header-main-stick-meta":"","header-below-stick-meta":"","astra-migrate-meta-layouts":"set","ast-page-background-enabled":"default","ast-page-background-meta":{"desktop":{"background-color":"","background-image":"","background-repeat":"repeat","background-position":"center center","background-size":"auto","background-attachment":"scroll","background-type":"","background-media":"","overlay-type":"","overlay-color":"","overlay-opacity":"","overlay-gradient":""},"tablet":{"background-color":"","background-image":"","background-repeat":"repeat","background-position":"center center","background-size":"auto","background-attachment":"scroll","background-type":"","background-media":"","overlay-type":"","overlay-color":"","overlay-opacity":"","overlay-gradient":""},"mobile":{"background-color":"","background-image":"","background-repeat":"repeat","background-position":"center center","background-size":"auto","background-attachment":"scroll","background-type":"","background-media":"","overlay-type":"","overlay-color":"","overlay-opacity":"","overlay-gradient":""}},"ast-content-background-meta":{"desktop":{"background-color":"var(--ast-global-color-5)","background-image":"","background-repeat":"repeat","background-position":"center center","background-size":"auto","background-attachment":"scroll","background-type":"","background-media":"","overlay-type":"","overlay-color":"","overlay-opacity":"","overlay-gradient":""},"tablet":{"background-color":"var(--ast-global-color-5)","background-image":"","background-repeat":"repeat","background-position":"center center","background-size":"auto","background-attachment":"scroll","background-type":"","background-media":"","overlay-type":"","overlay-color":"","overlay-opacity":"","overlay-gradient":""},"mobile":{"background-color":"var(--ast-global-color-5)","background-image":"","background-repeat":"repeat","background-position":"center center","background-size":"auto","background-attachment":"scroll","background-type":"","background-media":"","overlay-type":"","overlay-color":"","overlay-opacity":"","overlay-gradient":""}},"_vp_format_video_url":"","_vp_image_focal_point":[],"footnotes":""},"class_list":["post-4877","page","type-page","status-publish","hentry"],"_links":{"self":[{"href":"https:\/\/naaskonsthantverk.se\/index.php\/wp-json\/wp\/v2\/pages\/4877","targetHints":{"allow":["GET"]}}],"collection":[{"href":"https:\/\/naaskonsthantverk.se\/index.php\/wp-json\/wp\/v2\/pages"}],"about":[{"href":"https:\/\/naaskonsthantverk.se\/index.php\/wp-json\/wp\/v2\/types\/page"}],"author":[{"embeddable":true,"href":"https:\/\/naaskonsthantverk.se\/index.php\/wp-json\/wp\/v2\/users\/1"}],"replies":[{"embeddable":true,"href":"https:\/\/naaskonsthantverk.se\/index.php\/wp-json\/wp\/v2\/comments?post=4877"}],"version-history":[{"count":2,"href":"https:\/\/naaskonsthantverk.se\/index.php\/wp-json\/wp\/v2\/pages\/4877\/revisions"}],"predecessor-version":[{"id":4882,"href":"https:\/\/naaskonsthantverk.se\/index.php\/wp-json\/wp\/v2\/pages\/4877\/revisions\/4882"}],"wp:attachment":[{"href":"https:\/\/naaskonsthantverk.se\/index.php\/wp-json\/wp\/v2\/media?parent=4877"}],"curies":[{"name":"wp","href":"https:\/\/api.w.org\/{rel}","templated":true}]}}